{"id":233,"date":"2017-11-16T08:56:04","date_gmt":"2017-11-16T07:56:04","guid":{"rendered":"https:\/\/www.camping-sainte-madeleine.com\/?page_id=233"},"modified":"2025-11-01T15:40:00","modified_gmt":"2025-11-01T14:40:00","slug":"tarifs-chalets","status":"publish","type":"page","link":"https:\/\/www.camping-sainte-madeleine.com\/fr\/tarifs-chalets\/","title":{"rendered":"Tarifs Chalets"},"content":{"rendered":"<h3 align=\"center\"><strong>Ouvert du 15 avril au 30 septembre<\/strong><\/h3>\n<h3 align=\"center\"><strong><u>Les r\u00e9servations pour l&rsquo;ann\u00e9e prochaine d\u00e9butent en janvier 2026<\/u><\/strong><\/h3>\n<p><strong><u>IMPORTANT<\/u><\/strong> <strong> &gt;&gt;&gt; Pour toute r\u00e9servation par courrier, il est imp\u00e9ratif de nous consulter pr\u00e9alablement \u00e0 fin de vous assurer qu&rsquo;une location est disponible. Nous insistons sur le fait que l&rsquo;envoi de documents ne constitue aucunement une r\u00e9servation ferme et d\u00e9finitive. <\/strong><\/p>\n<p><strong>Quelque soit la dur\u00e9e du s\u00e9jour, un ch\u00e8que de caution de 100 euros pour le m\u00e9nage vous sera demand\u00e9 et restitu\u00e9 le jour du d\u00e9part suivant l&rsquo;\u00e9tat des lieux et apr\u00e8s v\u00e9rification compl\u00e8te de la propret\u00e9 du chalet (si le client ne peut \u00eatre pr\u00e9sent, sa caution lui sera renvoy\u00e9e par courrier ou par virement bancaire en cas de payement en esp\u00e8ces). <\/strong><\/p>\n<p><strong>Les groupes ne sont pas accept\u00e9s en Haute Saison, pour la Basse saison la direction se r\u00e9serve le droit de refuser les demandes de groupes pour assurer le calme et la tranquillit\u00e9 de ses autres clients (obligations de nous contacter par t\u00e9l\u00e9phone ou mail).<\/strong><\/p>\n<p><strong>Si vous avez une voiture \u00e9lectrique, si possibilit\u00e9 d\u2019acc\u00e8s au chalet, recharge suppl\u00e9ment 10 euros par nuit.<\/strong><\/p>\n<p><strong>Pour la tranquillit\u00e9 de chacun, Aucune tente ne sera admise sur la parcelle du chalet!<\/strong><\/p>\n<p><strong>Nos chalets sont lou\u00e9s \u00e0 la semaine, il est possible de faire des locations \u00e0 court terme uniquement \u00e0 la derni\u00e8re minute en fonction des disponibilit\u00e9s.<\/strong><\/p>\n<p><strong>En juillet-ao\u00fbt les r\u00e9servations sont de 7 nuits minimum, les arriv\u00e9es se font \u00e0 partir de 16h jusqu&rsquo;\u00e0 20h, les d\u00e9parts se font avant 10h.<\/strong><\/p>\n<p><strong>Modes de r\u00e8glements accept\u00e9s sur place : Esp\u00e8ces, Ch\u00e8ques (\u00e0 l&rsquo;ordre de Domaine Sainte Madeleine) , Ch\u00e8ques Vacances ANCV.<\/strong><\/p>\n<p><strong>Nous n&rsquo;acceptons pas les cartes de cr\u00e9dit ou de d\u00e9bit.<\/strong><\/p>\n<p><strong>Les bons CAF ne sont pas accept\u00e9s comme paiement.<\/strong><\/p>\n<p style=\"text-align: center;\"><strong><u>Nous ne pouvons pas accueillir les animaux dans nos chalets, merci de votre compr\u00e9hension.<\/u><\/strong><\/p>\n<h3 align=\"center\"><strong><u>TARIFS CHALETS 2026 A LA SEMAINE<\/u><\/strong><\/h3>\n<div align=\"center\">\n<table class=\"tarif\" border=\"1\" width=\"756\" cellspacing=\"0\" cellpadding=\"0\">\n<tbody>\n<tr>\n<td valign=\"top\" width=\"567\"><strong>DATES<\/strong><\/td>\n<td valign=\"top\" width=\"189\">\n<p align=\"center\"><strong>T2<\/strong><\/p>\n<\/td>\n<td valign=\"top\" width=\"189\">\n<p align=\"center\"><strong>T4<\/strong><\/p>\n<\/td>\n<td valign=\"top\" width=\"189\">\n<p align=\"center\"><strong>T5<\/strong><\/p>\n<\/td>\n<\/tr>\n<tr>\n<td valign=\"top\" width=\"567\"><strong>\u00a015 avril &#8211; 20 juin <\/strong><\/td>\n<td valign=\"top\" width=\"189\">\n<p align=\"center\"><strong>390 \u20ac<\/strong><\/p>\n<\/td>\n<td valign=\"top\" width=\"189\">\n<p align=\"center\"><strong>405 \u20ac<br \/>\n<\/strong><\/p>\n<\/td>\n<td valign=\"top\" width=\"189\">\n<p align=\"center\"><strong>420 \u20ac<br \/>\n<\/strong><\/p>\n<\/td>\n<\/tr>\n<tr>\n<td valign=\"top\" width=\"567\"><strong>\u00a020 juin &#8211; 5 juillet <\/strong><\/td>\n<td valign=\"top\" width=\"189\">\n<p align=\"center\"><strong>500 \u20ac<br \/>\n<\/strong><\/p>\n<\/td>\n<td valign=\"top\" width=\"189\">\n<p align=\"center\"><strong>525 \u20ac<br \/>\n<\/strong><\/p>\n<\/td>\n<td valign=\"top\" width=\"189\">\n<p align=\"center\"><strong>550 \u20ac<br \/>\n<\/strong><\/p>\n<\/td>\n<\/tr>\n<tr>\n<td valign=\"top\" width=\"567\"><strong>\u00a05 juillet &#8211; 25 ao\u00fbt (haute saison)<\/strong><\/td>\n<td valign=\"top\" width=\"189\">\n<p align=\"center\"><strong>610 \u20ac<br \/>\n<\/strong><\/p>\n<\/td>\n<td valign=\"top\" width=\"189\">\n<p align=\"center\"><strong>660 \u20ac<br \/>\n<\/strong><\/p>\n<\/td>\n<td valign=\"top\" width=\"189\">\n<p align=\"center\"><strong>690 \u20ac<br \/>\n<\/strong><\/p>\n<\/td>\n<\/tr>\n<tr>\n<td valign=\"top\" width=\"567\"><strong>\u00a025 ao\u00fbt &#8211; 5 septembre<\/strong><\/td>\n<td valign=\"top\" width=\"189\">\n<p align=\"center\"><strong>500 \u20ac<br \/>\n<\/strong><\/p>\n<\/td>\n<td valign=\"top\" width=\"189\">\n<p align=\"center\"><strong>525 \u20ac<br \/>\n<\/strong><\/p>\n<\/td>\n<td valign=\"top\" width=\"189\">\n<p align=\"center\"><strong>550 \u20ac<br \/>\n<\/strong><\/p>\n<\/td>\n<\/tr>\n<tr>\n<td valign=\"top\" width=\"567\"><strong>\u00a05 septembre &#8211; 30 septembre<\/strong><\/td>\n<td valign=\"top\" width=\"189\">\n<p align=\"center\"><strong>390 \u20ac<br \/>\n<\/strong><\/p>\n<\/td>\n<td valign=\"top\" width=\"189\">\n<p align=\"center\"><strong>405 \u20ac<br \/>\n<\/strong><\/p>\n<\/td>\n<td valign=\"top\" width=\"189\">\n<p align=\"center\"><strong>420 \u20ac<br \/>\n<\/strong><\/p>\n<\/td>\n<\/tr>\n<tr>\n<td colspan=\"4\" valign=\"top\" width=\"567\"><strong> Taxe de s\u00e9jour par jour et par personne + 18 ans 0.67 \u20ac<br \/>\n<\/strong><\/td>\n<\/tr>\n<\/tbody>\n<\/table>\n<\/div>\n<p style=\"text-align: center;\"><strong>\u00a0<\/strong><\/p>\n","protected":false},"excerpt":{"rendered":"<p>Ouvert du 15 avril au 30 septembre Les r\u00e9servations pour l&rsquo;ann\u00e9e prochaine d\u00e9butent en janvier 2026 IMPORTANT &gt;&gt;&gt; Pour toute r\u00e9servation par courrier, il est imp\u00e9ratif de nous consulter pr\u00e9alablement \u00e0 fin de vous assurer qu&rsquo;une location est disponible. Nous insistons sur le fait que l&rsquo;envoi de documents ne constitue aucunement une r\u00e9servation ferme et [&hellip;]<\/p>\n","protected":false},"author":1,"featured_media":0,"parent":0,"menu_order":0,"comment_status":"closed","ping_status":"closed","template":"page-with-sidebar.php","meta":{"footnotes":""},"class_list":["post-233","page","type-page","status-publish","hentry"],"_links":{"self":[{"href":"https:\/\/www.camping-sainte-madeleine.com\/fr\/wp-json\/wp\/v2\/pages\/233","targetHints":{"allow":["GET"]}}],"collection":[{"href":"https:\/\/www.camping-sainte-madeleine.com\/fr\/wp-json\/wp\/v2\/pages"}],"about":[{"href":"https:\/\/www.camping-sainte-madeleine.com\/fr\/wp-json\/wp\/v2\/types\/page"}],"author":[{"embeddable":true,"href":"https:\/\/www.camping-sainte-madeleine.com\/fr\/wp-json\/wp\/v2\/users\/1"}],"replies":[{"embeddable":true,"href":"https:\/\/www.camping-sainte-madeleine.com\/fr\/wp-json\/wp\/v2\/comments?post=233"}],"version-history":[{"count":47,"href":"https:\/\/www.camping-sainte-madeleine.com\/fr\/wp-json\/wp\/v2\/pages\/233\/revisions"}],"predecessor-version":[{"id":36389,"href":"https:\/\/www.camping-sainte-madeleine.com\/fr\/wp-json\/wp\/v2\/pages\/233\/revisions\/36389"}],"wp:attachment":[{"href":"https:\/\/www.camping-sainte-madeleine.com\/fr\/wp-json\/wp\/v2\/media?parent=233"}],"curies":[{"name":"wp","href":"https:\/\/api.w.org\/{rel}","templated":true}]}}