{"id":789,"date":"2017-11-15T19:21:00","date_gmt":"2017-11-15T18:21:00","guid":{"rendered":"https:\/\/www.camping-sainte-madeleine.com\/tarifs-camping\/"},"modified":"2025-11-01T15:37:40","modified_gmt":"2025-11-01T14:37:40","slug":"tarifs-camping","status":"publish","type":"page","link":"https:\/\/www.camping-sainte-madeleine.com\/de\/tarifs-camping\/","title":{"rendered":"Camping preise"},"content":{"rendered":"<h3 style=\"text-align: center;\"><strong>\u00a0<\/strong><strong>Offnen von 15 april bis 30 September <\/strong><\/h3>\n<h3 style=\"text-align: center;\"><strong><u>Buchungen <\/u><\/strong><strong><u>f\u00fcr das n\u00e4chste Jahr<\/u><\/strong><strong><u> beginnen im Januar 2026<\/u><\/strong><\/h3>\n<p><strong>Bei der Buchung geben Sie uns einfach die Gr\u00f6\u00dfe Ihrer Wohnmobil, Wohnwagen oder Ihr Zelt und wir behalten uns das Recht vor, Ihnen die Stelle zu gew\u00e4hren, die zu Ihnen passen wird.<\/strong><\/p>\n<p><strong>Gruppen werden in der Hochsaison nicht akzeptiert, f\u00fcr die Nebensaison beh\u00e4lt sich der Gesch\u00e4ftsf\u00fchrung \u00a0das Recht vor, Gruppenanfragen abzulehnen, um die Ruhe und Gelassenheit seiner anderen Kunden zu gew\u00e4hrleisten (Verpflichtung, uns per Telefon oder E-Mail zu kontaktieren).<\/strong><\/p>\n<p><strong>Leider akzeptieren wir keine Kreditkarten. <\/strong><\/p>\n<p><strong>Zahlungsmethoden f\u00fcr die Reservierung (Anzahlung ) : Bank\u00fcberweisung, Einschreibebrief, Die Reservierung \u00fcbernimmt keine extra Kosten.<\/strong><\/p>\n<h3 style=\"text-align: center;\"><strong><u>CAMPING PREISE 2026<\/u><\/strong><\/h3>\n<table style=\"height: 742px;\" width=\"991\">\n<tbody>\n<tr>\n<td width=\"454\">\n<p style=\"text-align: center;\"><strong>Preis<\/strong> <strong>f\u00fcr eine nacht<\/strong><\/p>\n<p style=\"text-align: center;\"><strong> Ankunft nach 12 Uhr &#8211; Abreise vor 12 Uhr<\/strong><\/p>\n<\/td>\n<td width=\"144\">\n<p style=\"text-align: center;\"><strong>Nebensaison<\/strong><\/p>\n<p style=\"text-align: center;\"><strong>Von 15\/04 bis 30\/06<\/strong><\/p>\n<p style=\"text-align: center;\"><strong>Von 01\/09 bis 30\/09<\/strong><\/p>\n<\/td>\n<td width=\"144\">\n<p style=\"text-align: center;\"><strong>Hochsaison<\/strong><\/p>\n<p style=\"text-align: center;\"><strong>Von 01\/07 bis 31\/08<\/strong><\/p>\n<p style=\"text-align: center;\"><strong>\u00a0<\/strong><\/p>\n<\/td>\n<\/tr>\n<tr>\n<td width=\"454\"><strong>\u00a0\u00a0\u00a0\u00a0 \u00a0 \u00a0 \u00a0 1 person, 1 zelt, 1 motorrad<br \/>\n<\/strong><\/td>\n<td style=\"text-align: center;\" width=\"144\"><strong>14.40 \u20ac<\/strong><\/td>\n<td style=\"text-align: center;\" width=\"144\"><strong>18.00 \u20ac<\/strong><\/td>\n<\/tr>\n<tr>\n<td width=\"454\"><strong>\u00a0\u00a0\u00a0\u00a0\u00a0\u00a0\u00a0\u00a0\u00a0 2 personen, 1 auto, 1 zelt\u00a0 <\/strong><strong>kleiner als <\/strong><strong>10 m<span lang=\"IT\">\u00b2<\/span><\/strong><\/p>\n<p><strong>oder\u00a0<\/strong><strong>2 personen,\u00a0 <\/strong><strong>1 van weniger als 5 Meter<\/strong><\/td>\n<td style=\"text-align: center;\" width=\"144\"><strong>21.20 \u20ac<\/strong><\/td>\n<td style=\"text-align: center;\" width=\"144\"><strong>26.50 \u20ac<\/strong><\/td>\n<\/tr>\n<tr>\n<td width=\"454\"><strong>\u00a0\u00a0\u00a0\u00a0\u00a0\u00a0\u00a0\u00a0\u00a0\u00a0 2 Personen, 1 Auto und 1 Zelt mehr als<\/strong> <strong>10 m<span lang=\"IT\">\u00b2<\/span> <\/strong><\/p>\n<p><strong>oder\u00a0 <\/strong><strong>2 Personen<\/strong><strong>, <\/strong><strong>1 auto und 1 caravan <\/strong><strong><br \/>\noder\u00a0 <\/strong><strong>2 Personen<\/strong><strong>,\u00a0<\/strong><strong>1 camping-car mehr als 5 meter<\/strong><\/td>\n<td style=\"text-align: center;\" width=\"144\"><strong>22.00 \u20ac<\/strong><\/td>\n<td style=\"text-align: center;\" width=\"144\"><strong>28.50 \u20ac<\/strong><\/td>\n<\/tr>\n<tr>\n<td width=\"454\"><b><\/b><strong>1 \u00a0extra person + 10 jahre<\/strong><\/td>\n<td style=\"text-align: center;\" width=\"144\"><strong>\u00a05.20 \u20ac<\/strong><\/td>\n<td style=\"text-align: center;\" width=\"144\"><strong>\u00a06.50 \u20ac<\/strong><\/td>\n<\/tr>\n<tr>\n<td width=\"454\"><strong>1 extra person<\/strong><strong> <b>&#8211;<\/b><\/strong><strong>\u00a0 <\/strong><strong>de 10 jahre<br \/>\n<\/strong><\/td>\n<td style=\"text-align: center;\" width=\"144\"><strong>\u00a04.40 \u20ac<\/strong><\/td>\n<td style=\"text-align: center;\" width=\"144\"><strong>\u00a05.50 \u20ac<\/strong><\/td>\n<\/tr>\n<tr>\n<td width=\"454\"><strong>1 extra zelt<\/strong><\/td>\n<td style=\"text-align: center;\" width=\"144\"><strong>\u00a02.40 \u20ac<\/strong><\/td>\n<td style=\"text-align: center;\" width=\"144\"><strong>\u00a03.00 \u20ac<\/strong><\/td>\n<\/tr>\n<tr>\n<td width=\"454\"><strong>1 extra auto<br \/>\n<\/strong><\/td>\n<td style=\"text-align: center;\" width=\"144\"><strong>\u00a02.40 \u20ac<\/strong><\/td>\n<td style=\"text-align: center;\" width=\"144\"><strong>\u00a03.00 \u20ac<\/strong><\/td>\n<\/tr>\n<tr>\n<td style=\"text-align: left;\" width=\"454\"><strong>1 extra motorrad<br \/>\n<\/strong><\/td>\n<td style=\"text-align: center;\" width=\"144\"><strong>\u00a01.80 \u20ac<\/strong><\/td>\n<td style=\"text-align: center;\" width=\"144\"><strong>\u00a02.00 \u20ac<\/strong><\/td>\n<\/tr>\n<tr>\n<td width=\"454\"><strong>1 tier<br \/>\n<\/strong><\/td>\n<td style=\"text-align: center;\" width=\"144\"><strong>\u00a03.20 \u20ac<\/strong><\/td>\n<td style=\"text-align: center;\" width=\"144\"><strong>\u00a04.00 \u20ac<\/strong><\/td>\n<\/tr>\n<tr>\n<td width=\"454\"><strong>Strom 10 ampere<\/strong><\/td>\n<td style=\"text-align: center;\" width=\"144\"><strong>\u00a06.00 \u20ac<\/strong><\/td>\n<td style=\"text-align: center;\" width=\"144\"><strong>\u00a06.00 \u20ac<\/strong><\/td>\n<\/tr>\n<tr>\n<td width=\"454\"><strong>Stromaufladung Elektroauto<\/strong><\/td>\n<td style=\"text-align: center;\" width=\"144\"><strong>10.00 \u20ac<\/strong><\/td>\n<td style=\"text-align: center;\" width=\"144\"><strong>10.00 \u20ac<\/strong><\/td>\n<\/tr>\n<tr>\n<td width=\"454\"><strong><span lang=\"EN-US\">Kurtaxe pro tag und pro person + 18 ans<\/span><\/strong><\/td>\n<td style=\"text-align: center;\" width=\"144\"><strong>\u00a0 0.67 \u20ac<\/strong><\/td>\n<td style=\"text-align: center;\" width=\"144\"><strong>\u00a0 0.67 \u20ac<\/strong><\/td>\n<\/tr>\n<\/tbody>\n<\/table>\n","protected":false},"excerpt":{"rendered":"<p>\u00a0Offnen von 15 april bis 30 September Buchungen f\u00fcr das n\u00e4chste Jahr beginnen im Januar 2026 Bei der Buchung geben Sie uns einfach die Gr\u00f6\u00dfe Ihrer Wohnmobil, Wohnwagen oder Ihr Zelt und wir behalten uns das Recht vor, Ihnen die Stelle zu gew\u00e4hren, die zu Ihnen passen wird. Gruppen werden in der Hochsaison nicht akzeptiert, [&hellip;]<\/p>\n","protected":false},"author":1,"featured_media":0,"parent":0,"menu_order":0,"comment_status":"closed","ping_status":"closed","template":"page-with-sidebar.php","meta":{"footnotes":""},"class_list":["post-789","page","type-page","status-publish","hentry"],"_links":{"self":[{"href":"https:\/\/www.camping-sainte-madeleine.com\/de\/wp-json\/wp\/v2\/pages\/789","targetHints":{"allow":["GET"]}}],"collection":[{"href":"https:\/\/www.camping-sainte-madeleine.com\/de\/wp-json\/wp\/v2\/pages"}],"about":[{"href":"https:\/\/www.camping-sainte-madeleine.com\/de\/wp-json\/wp\/v2\/types\/page"}],"author":[{"embeddable":true,"href":"https:\/\/www.camping-sainte-madeleine.com\/de\/wp-json\/wp\/v2\/users\/1"}],"replies":[{"embeddable":true,"href":"https:\/\/www.camping-sainte-madeleine.com\/de\/wp-json\/wp\/v2\/comments?post=789"}],"version-history":[{"count":40,"href":"https:\/\/www.camping-sainte-madeleine.com\/de\/wp-json\/wp\/v2\/pages\/789\/revisions"}],"predecessor-version":[{"id":36380,"href":"https:\/\/www.camping-sainte-madeleine.com\/de\/wp-json\/wp\/v2\/pages\/789\/revisions\/36380"}],"wp:attachment":[{"href":"https:\/\/www.camping-sainte-madeleine.com\/de\/wp-json\/wp\/v2\/media?parent=789"}],"curies":[{"name":"wp","href":"https:\/\/api.w.org\/{rel}","templated":true}]}}