{"id":1188,"date":"2017-11-15T16:40:50","date_gmt":"2017-11-15T15:40:50","guid":{"rendered":"https:\/\/www.camping-sainte-madeleine.com\/la-region\/"},"modified":"2026-01-08T17:27:33","modified_gmt":"2026-01-08T16:27:33","slug":"la-region","status":"publish","type":"page","link":"https:\/\/www.camping-sainte-madeleine.com\/de\/la-region\/","title":{"rendered":"Die Region"},"content":{"rendered":"<h2 style=\"text-align: center;\">Von der Mittelmeerk\u00fcste bis zu den Alpengipfeln<\/h2>\n<p>Entdecken Sie das nat\u00fcrliche, historische und kulturelle Erbe der Alpes-Maritimes vom Mittelmeer bis hin zu den zerkl\u00fcfteten Alpengipfeln. Die Milde des Klimas und die Sch\u00f6nheit der K\u00fcste haben den Ruf dieses Gebiets, nat\u00fcrlicher Reicht\u00fcmer und k\u00fcnstlerischer Sch\u00e4tze zwischen dem Meer und den Bergketten des Hinterlandes immer gemacht.<br \/>\nHier einige Ideen f\u00fcr Besuche und Entdeckungen &#8230;<\/p>\n","protected":false},"excerpt":{"rendered":"<p>Von der Mittelmeerk\u00fcste bis zu den Alpengipfeln Entdecken Sie das nat\u00fcrliche, historische und kulturelle Erbe der Alpes-Maritimes vom Mittelmeer bis hin zu den zerkl\u00fcfteten Alpengipfeln. Die Milde des Klimas und die Sch\u00f6nheit der K\u00fcste haben den Ruf dieses Gebiets, nat\u00fcrlicher Reicht\u00fcmer und k\u00fcnstlerischer Sch\u00e4tze zwischen dem Meer und den Bergketten des Hinterlandes immer gemacht. Hier [&hellip;]<\/p>\n","protected":false},"author":1,"featured_media":0,"parent":0,"menu_order":0,"comment_status":"open","ping_status":"closed","template":"template-advanced-layout.php","meta":{"footnotes":""},"class_list":["post-1188","page","type-page","status-publish","hentry"],"_links":{"self":[{"href":"https:\/\/www.camping-sainte-madeleine.com\/de\/wp-json\/wp\/v2\/pages\/1188","targetHints":{"allow":["GET"]}}],"collection":[{"href":"https:\/\/www.camping-sainte-madeleine.com\/de\/wp-json\/wp\/v2\/pages"}],"about":[{"href":"https:\/\/www.camping-sainte-madeleine.com\/de\/wp-json\/wp\/v2\/types\/page"}],"author":[{"embeddable":true,"href":"https:\/\/www.camping-sainte-madeleine.com\/de\/wp-json\/wp\/v2\/users\/1"}],"replies":[{"embeddable":true,"href":"https:\/\/www.camping-sainte-madeleine.com\/de\/wp-json\/wp\/v2\/comments?post=1188"}],"version-history":[{"count":2,"href":"https:\/\/www.camping-sainte-madeleine.com\/de\/wp-json\/wp\/v2\/pages\/1188\/revisions"}],"predecessor-version":[{"id":1189,"href":"https:\/\/www.camping-sainte-madeleine.com\/de\/wp-json\/wp\/v2\/pages\/1188\/revisions\/1189"}],"wp:attachment":[{"href":"https:\/\/www.camping-sainte-madeleine.com\/de\/wp-json\/wp\/v2\/media?parent=1188"}],"curies":[{"name":"wp","href":"https:\/\/api.w.org\/{rel}","templated":true}]}}